{"version":"1.0","provider_name":"Embajada de Panam\u00e1 en Francia - Ambassade du Panama en France","provider_url":"https:\/\/embajadadepanamaenfrancia.fr\/fr\/","title":"F\u00eate nationale du Guatemala. - Embajada de Panam\u00e1 en Francia - Ambassade du Panama en France","type":"rich","width":600,"height":338,"html":"<blockquote class=\"wp-embedded-content\" data-secret=\"pvfp0ySd8L\"><a href=\"https:\/\/embajadadepanamaenfrancia.fr\/fr\/fete-nationale-du-guatemala\/\">F\u00eate nationale du Guatemala.<\/a><\/blockquote><iframe sandbox=\"allow-scripts\" security=\"restricted\" src=\"https:\/\/embajadadepanamaenfrancia.fr\/fr\/fete-nationale-du-guatemala\/embed\/#?secret=pvfp0ySd8L\" width=\"600\" height=\"338\" title=\"\u00ab\u00a0F\u00eate nationale du Guatemala.\u00a0\u00bb &#8212; Embajada de Panam\u00e1 en Francia - Ambassade du Panama en France\" data-secret=\"pvfp0ySd8L\" frameborder=\"0\" marginwidth=\"0\" marginheight=\"0\" scrolling=\"no\" class=\"wp-embedded-content\"><\/iframe><script type=\"text\/javascript\">\n\/* <![CDATA[ *\/\n\/*! This file is auto-generated *\/\n!function(d,l){\"use strict\";l.querySelector&&d.addEventListener&&\"undefined\"!=typeof URL&&(d.wp=d.wp||{},d.wp.receiveEmbedMessage||(d.wp.receiveEmbedMessage=function(e){var t=e.data;if((t||t.secret||t.message||t.value)&&!\/[^a-zA-Z0-9]\/.test(t.secret)){for(var s,r,n,a=l.querySelectorAll('iframe[data-secret=\"'+t.secret+'\"]'),o=l.querySelectorAll('blockquote[data-secret=\"'+t.secret+'\"]'),c=new RegExp(\"^https?:$\",\"i\"),i=0;i<o.length;i++)o[i].style.display=\"none\";for(i=0;i<a.length;i++)s=a[i],e.source===s.contentWindow&&(s.removeAttribute(\"style\"),\"height\"===t.message?(1e3<(r=parseInt(t.value,10))?r=1e3:~~r<200&&(r=200),s.height=r):\"link\"===t.message&&(r=new URL(s.getAttribute(\"src\")),n=new URL(t.value),c.test(n.protocol))&&n.host===r.host&&l.activeElement===s&&(d.top.location.href=t.value))}},d.addEventListener(\"message\",d.wp.receiveEmbedMessage,!1),l.addEventListener(\"DOMContentLoaded\",function(){for(var e,t,s=l.querySelectorAll(\"iframe.wp-embedded-content\"),r=0;r<s.length;r++)(t=(e=s[r]).getAttribute(\"data-secret\"))||(t=Math.random().toString(36).substring(2,12),e.src+=\"#?secret=\"+t,e.setAttribute(\"data-secret\",t)),e.contentWindow.postMessage({message:\"ready\",secret:t},\"*\")},!1)))}(window,document);\n\/* ]]> *\/\n<\/script>\n","thumbnail_url":"https:\/\/embajadadepanamaenfrancia.fr\/wp-content\/uploads\/2022\/09\/Screenshot_20220923-100618_WhatsApp.jpg","thumbnail_width":1078,"thumbnail_height":819,"description":"Nous avons assist\u00e9 \u00e0 la c\u00e9r\u00e9monie de la f\u00eate nationale du Guatemala, avec la pr\u00e9sentation de \"L'\u00e9veil du Monja blanc\". Sur la photo, l'\u00e9quipe de l'Ambassade du Panama, l'Ambassade du Guatemala et M. Fr\u00e9d\u00e9rick de Touchet, Chef Am\u00e9rique centrale du Minist\u00e8re fran\u00e7ais des Affaires \u00e9trang\u00e8res."}