{"version":"1.0","provider_name":"Embajada de Panam\u00e1 en Francia - Ambassade du Panama en France","provider_url":"https:\/\/embajadadepanamaenfrancia.fr\/fr\/","title":"Reconnaissance de SE Issamary S\u00e1nchez. - Embajada de Panam\u00e1 en Francia - Ambassade du Panama en France","type":"rich","width":600,"height":338,"html":"<blockquote class=\"wp-embedded-content\" data-secret=\"Zi9Rlr5PcO\"><a href=\"https:\/\/embajadadepanamaenfrancia.fr\/fr\/reconnaissance-de-se-issamary-sanchez\/\">Reconnaissance de SE Issamary S\u00e1nchez.<\/a><\/blockquote><iframe sandbox=\"allow-scripts\" security=\"restricted\" src=\"https:\/\/embajadadepanamaenfrancia.fr\/fr\/reconnaissance-de-se-issamary-sanchez\/embed\/#?secret=Zi9Rlr5PcO\" width=\"600\" height=\"338\" title=\"\u00ab\u00a0Reconnaissance de SE Issamary S\u00e1nchez.\u00a0\u00bb &#8212; Embajada de Panam\u00e1 en Francia - Ambassade du Panama en France\" data-secret=\"Zi9Rlr5PcO\" frameborder=\"0\" marginwidth=\"0\" marginheight=\"0\" scrolling=\"no\" class=\"wp-embedded-content\"><\/iframe><script type=\"text\/javascript\">\n\/* <![CDATA[ *\/\n\/*! This file is auto-generated *\/\n!function(d,l){\"use strict\";l.querySelector&&d.addEventListener&&\"undefined\"!=typeof URL&&(d.wp=d.wp||{},d.wp.receiveEmbedMessage||(d.wp.receiveEmbedMessage=function(e){var t=e.data;if((t||t.secret||t.message||t.value)&&!\/[^a-zA-Z0-9]\/.test(t.secret)){for(var s,r,n,a=l.querySelectorAll('iframe[data-secret=\"'+t.secret+'\"]'),o=l.querySelectorAll('blockquote[data-secret=\"'+t.secret+'\"]'),c=new RegExp(\"^https?:$\",\"i\"),i=0;i<o.length;i++)o[i].style.display=\"none\";for(i=0;i<a.length;i++)s=a[i],e.source===s.contentWindow&&(s.removeAttribute(\"style\"),\"height\"===t.message?(1e3<(r=parseInt(t.value,10))?r=1e3:~~r<200&&(r=200),s.height=r):\"link\"===t.message&&(r=new URL(s.getAttribute(\"src\")),n=new URL(t.value),c.test(n.protocol))&&n.host===r.host&&l.activeElement===s&&(d.top.location.href=t.value))}},d.addEventListener(\"message\",d.wp.receiveEmbedMessage,!1),l.addEventListener(\"DOMContentLoaded\",function(){for(var e,t,s=l.querySelectorAll(\"iframe.wp-embedded-content\"),r=0;r<s.length;r++)(t=(e=s[r]).getAttribute(\"data-secret\"))||(t=Math.random().toString(36).substring(2,12),e.src+=\"#?secret=\"+t,e.setAttribute(\"data-secret\",t)),e.contentWindow.postMessage({message:\"ready\",secret:t},\"*\")},!1)))}(window,document);\n\/* ]]> *\/\n<\/script>\n","thumbnail_url":"http:\/\/embajadadepanamaenfrancia.fr\/wp-content\/uploads\/2024\/05\/Screenshot_20240510_030236_CamScanner.jpg","thumbnail_width":1080,"thumbnail_height":840,"description":"SE Issamary S\u00e1nchez a re\u00e7u d'Erich Auerbach, Directeur de l'Information et des Relations Publiques de notre Minist\u00e8re des Affaires \u00c9trang\u00e8res, un Certificat de reconnaissance en tant qu'agent de liaison en communication et responsable des m\u00e9dias sociaux entre les Missions \u00e0 l'\u00e9tranger et la Direction de l'Information et des Relations Publiques ; en attention \u00e0 la [&hellip;]"}