{"version":"1.0","provider_name":"Embajada de Panam\u00e1 en Francia - Ambassade du Panama en France","provider_url":"https:\/\/embajadadepanamaenfrancia.fr\/fr\/","title":"Rencontre avec AMLA. - Embajada de Panam\u00e1 en Francia - Ambassade du Panama en France","type":"rich","width":600,"height":338,"html":"<blockquote class=\"wp-embedded-content\" data-secret=\"LJXbdH7xev\"><a href=\"https:\/\/embajadadepanamaenfrancia.fr\/fr\/rencontre-avec-amla\/\">Rencontre avec AMLA.<\/a><\/blockquote><iframe sandbox=\"allow-scripts\" security=\"restricted\" src=\"https:\/\/embajadadepanamaenfrancia.fr\/fr\/rencontre-avec-amla\/embed\/#?secret=LJXbdH7xev\" width=\"600\" height=\"338\" title=\"\u00ab\u00a0Rencontre avec AMLA.\u00a0\u00bb &#8212; Embajada de Panam\u00e1 en Francia - Ambassade du Panama en France\" data-secret=\"LJXbdH7xev\" frameborder=\"0\" marginwidth=\"0\" marginheight=\"0\" scrolling=\"no\" class=\"wp-embedded-content\"><\/iframe><script type=\"text\/javascript\">\n\/* <![CDATA[ *\/\n\/*! This file is auto-generated *\/\n!function(d,l){\"use strict\";l.querySelector&&d.addEventListener&&\"undefined\"!=typeof URL&&(d.wp=d.wp||{},d.wp.receiveEmbedMessage||(d.wp.receiveEmbedMessage=function(e){var t=e.data;if((t||t.secret||t.message||t.value)&&!\/[^a-zA-Z0-9]\/.test(t.secret)){for(var s,r,n,a=l.querySelectorAll('iframe[data-secret=\"'+t.secret+'\"]'),o=l.querySelectorAll('blockquote[data-secret=\"'+t.secret+'\"]'),c=new RegExp(\"^https?:$\",\"i\"),i=0;i<o.length;i++)o[i].style.display=\"none\";for(i=0;i<a.length;i++)s=a[i],e.source===s.contentWindow&&(s.removeAttribute(\"style\"),\"height\"===t.message?(1e3<(r=parseInt(t.value,10))?r=1e3:~~r<200&&(r=200),s.height=r):\"link\"===t.message&&(r=new URL(s.getAttribute(\"src\")),n=new URL(t.value),c.test(n.protocol))&&n.host===r.host&&l.activeElement===s&&(d.top.location.href=t.value))}},d.addEventListener(\"message\",d.wp.receiveEmbedMessage,!1),l.addEventListener(\"DOMContentLoaded\",function(){for(var e,t,s=l.querySelectorAll(\"iframe.wp-embedded-content\"),r=0;r<s.length;r++)(t=(e=s[r]).getAttribute(\"data-secret\"))||(t=Math.random().toString(36).substring(2,12),e.src+=\"#?secret=\"+t,e.setAttribute(\"data-secret\",t)),e.contentWindow.postMessage({message:\"ready\",secret:t},\"*\")},!1)))}(window,document);\n\/* ]]> *\/\n<\/script>\n","thumbnail_url":"https:\/\/embajadadepanamaenfrancia.fr\/wp-content\/uploads\/2023\/05\/20230512_101842-1.jpg","thumbnail_width":1552,"thumbnail_height":976,"description":"Nous avons organis\u00e9 une rencontre avec @ecoleeac et @amla_monaco, \u00e0 la recherche d'espaces acad\u00e9miques entre la France et le Panama. Aussi rencontre avec l'Ambassadeur du Chili, l'Ambassadrice du Mexique, l' Ambassadrice du Panama et le Ministre de l'Equateur, \u00e0 la recherche d'espaces de collaboration commune \u00e0 Monaco."}