{"version":"1.0","provider_name":"Embajada de Panam\u00e1 en Francia - Ambassade du Panama en France","provider_url":"https:\/\/embajadadepanamaenfrancia.fr\/fr\/","title":"Representaciones diversas - Exposici\u00f3n colectiva - Embajada de Panam\u00e1 en Francia - Ambassade du Panama en France","type":"rich","width":600,"height":338,"html":"<blockquote class=\"wp-embedded-content\" data-secret=\"hFll2u93Vd\"><a href=\"https:\/\/embajadadepanamaenfrancia.fr\/fr\/representaciones-diversas-exposicion-colectiva\/\">Representaciones diversas &#8211; Exposici\u00f3n colectiva<\/a><\/blockquote><iframe sandbox=\"allow-scripts\" security=\"restricted\" src=\"https:\/\/embajadadepanamaenfrancia.fr\/fr\/representaciones-diversas-exposicion-colectiva\/embed\/#?secret=hFll2u93Vd\" width=\"600\" height=\"338\" title=\"\u00ab\u00a0Representaciones diversas &#8211; Exposici\u00f3n colectiva\u00a0\u00bb &#8212; Embajada de Panam\u00e1 en Francia - Ambassade du Panama en France\" data-secret=\"hFll2u93Vd\" frameborder=\"0\" marginwidth=\"0\" marginheight=\"0\" scrolling=\"no\" class=\"wp-embedded-content\"><\/iframe><script type=\"text\/javascript\">\n\/* <![CDATA[ *\/\n\/*! This file is auto-generated *\/\n!function(d,l){\"use strict\";l.querySelector&&d.addEventListener&&\"undefined\"!=typeof URL&&(d.wp=d.wp||{},d.wp.receiveEmbedMessage||(d.wp.receiveEmbedMessage=function(e){var t=e.data;if((t||t.secret||t.message||t.value)&&!\/[^a-zA-Z0-9]\/.test(t.secret)){for(var s,r,n,a=l.querySelectorAll('iframe[data-secret=\"'+t.secret+'\"]'),o=l.querySelectorAll('blockquote[data-secret=\"'+t.secret+'\"]'),c=new RegExp(\"^https?:$\",\"i\"),i=0;i<o.length;i++)o[i].style.display=\"none\";for(i=0;i<a.length;i++)s=a[i],e.source===s.contentWindow&&(s.removeAttribute(\"style\"),\"height\"===t.message?(1e3<(r=parseInt(t.value,10))?r=1e3:~~r<200&&(r=200),s.height=r):\"link\"===t.message&&(r=new URL(s.getAttribute(\"src\")),n=new URL(t.value),c.test(n.protocol))&&n.host===r.host&&l.activeElement===s&&(d.top.location.href=t.value))}},d.addEventListener(\"message\",d.wp.receiveEmbedMessage,!1),l.addEventListener(\"DOMContentLoaded\",function(){for(var e,t,s=l.querySelectorAll(\"iframe.wp-embedded-content\"),r=0;r<s.length;r++)(t=(e=s[r]).getAttribute(\"data-secret\"))||(t=Math.random().toString(36).substring(2,12),e.src+=\"#?secret=\"+t,e.setAttribute(\"data-secret\",t)),e.contentWindow.postMessage({message:\"ready\",secret:t},\"*\")},!1)))}(window,document);\n\/* ]]> *\/\n<\/script>\n","thumbnail_url":"https:\/\/embajadadepanamaenfrancia.fr\/wp-content\/uploads\/2017\/06\/tableau-panama.jpg","thumbnail_width":1213,"thumbnail_height":910,"description":"Pour la premi\u00e8re fois, des missions diplomatiques de l\u2019Am\u00e9rique Latine se rassemblent pour pr\u00e9senter au public une exposition conjointe et in\u00e9dite de 17 \u0153uvres afin de montrer notamment \u00e0 la soci\u00e9t\u00e9 parisienne et fran\u00e7aise la richesse de diversit\u00e9 culturelle, humaine, patrimoniale et artistique des pays de l\u2019Am\u00e9rique Latine. A cette occasion, la c\u00e9l\u00e8bre Galerie de [&hellip;]"}