{"version":"1.0","provider_name":"Embajada de Panam\u00e1 en Francia - Ambassade du Panama en France","provider_url":"https:\/\/embajadadepanamaenfrancia.fr\/fr\/","title":"R\u00e9seau des Diplomates latino-am\u00e9ricains en France. - Embajada de Panam\u00e1 en Francia - Ambassade du Panama en France","type":"rich","width":600,"height":338,"html":"<blockquote class=\"wp-embedded-content\" data-secret=\"SQqqoTeipD\"><a href=\"https:\/\/embajadadepanamaenfrancia.fr\/fr\/reseau-des-diplomates-latino-americains-en-france-2\/\">R\u00e9seau des Diplomates latino-am\u00e9ricains en France.<\/a><\/blockquote><iframe sandbox=\"allow-scripts\" security=\"restricted\" src=\"https:\/\/embajadadepanamaenfrancia.fr\/fr\/reseau-des-diplomates-latino-americains-en-france-2\/embed\/#?secret=SQqqoTeipD\" width=\"600\" height=\"338\" title=\"\u00ab\u00a0R\u00e9seau des Diplomates latino-am\u00e9ricains en France.\u00a0\u00bb &#8212; Embajada de Panam\u00e1 en Francia - Ambassade du Panama en France\" data-secret=\"SQqqoTeipD\" frameborder=\"0\" marginwidth=\"0\" marginheight=\"0\" scrolling=\"no\" class=\"wp-embedded-content\"><\/iframe><script type=\"text\/javascript\">\n\/* <![CDATA[ *\/\n\/*! This file is auto-generated *\/\n!function(d,l){\"use strict\";l.querySelector&&d.addEventListener&&\"undefined\"!=typeof URL&&(d.wp=d.wp||{},d.wp.receiveEmbedMessage||(d.wp.receiveEmbedMessage=function(e){var t=e.data;if((t||t.secret||t.message||t.value)&&!\/[^a-zA-Z0-9]\/.test(t.secret)){for(var s,r,n,a=l.querySelectorAll('iframe[data-secret=\"'+t.secret+'\"]'),o=l.querySelectorAll('blockquote[data-secret=\"'+t.secret+'\"]'),c=new RegExp(\"^https?:$\",\"i\"),i=0;i<o.length;i++)o[i].style.display=\"none\";for(i=0;i<a.length;i++)s=a[i],e.source===s.contentWindow&&(s.removeAttribute(\"style\"),\"height\"===t.message?(1e3<(r=parseInt(t.value,10))?r=1e3:~~r<200&&(r=200),s.height=r):\"link\"===t.message&&(r=new URL(s.getAttribute(\"src\")),n=new URL(t.value),c.test(n.protocol))&&n.host===r.host&&l.activeElement===s&&(d.top.location.href=t.value))}},d.addEventListener(\"message\",d.wp.receiveEmbedMessage,!1),l.addEventListener(\"DOMContentLoaded\",function(){for(var e,t,s=l.querySelectorAll(\"iframe.wp-embedded-content\"),r=0;r<s.length;r++)(t=(e=s[r]).getAttribute(\"data-secret\"))||(t=Math.random().toString(36).substring(2,12),e.src+=\"#?secret=\"+t,e.setAttribute(\"data-secret\",t)),e.contentWindow.postMessage({message:\"ready\",secret:t},\"*\")},!1)))}(window,document);\n\/* ]]> *\/\n<\/script>\n","thumbnail_url":"http:\/\/embajadadepanamaenfrancia.fr\/wp-content\/uploads\/2023\/11\/Screenshot_20231115-195218_Outlook.jpg","thumbnail_width":1078,"thumbnail_height":691,"description":"R\u00e9seau des Diplomates latino-am\u00e9ricains en France. Aujourd'hui, nous avons eu une r\u00e9union avec la pr\u00e9sidente du Tribunal administratif fiscal du Panama, avec qui nous avons discut\u00e9 du r\u00f4le des femmes dans le syst\u00e8me de justice administrative."}