{"id":5479,"date":"2019-08-26T15:32:53","date_gmt":"2019-08-26T13:32:53","guid":{"rendered":"https:\/\/2020.embajadadepanamaenfrancia.fr\/autoridades\/"},"modified":"2025-01-27T23:37:01","modified_gmt":"2025-01-27T22:37:01","slug":"autorites","status":"publish","type":"page","link":"https:\/\/embajadadepanamaenfrancia.fr\/fr\/autorites\/","title":{"rendered":"Autorit\u00e9s"},"content":{"rendered":"<p>[et_pb_section fb_built=\u00a0\u00bb1&Prime; admin_label=\u00a0\u00bbSecci\u00f3n\u00a0\u00bb _builder_version=\u00a0\u00bb4.16&Prime; min_height=\u00a0\u00bb654.2px\u00a0\u00bb custom_padding=\u00a0\u00bb||0px|||\u00a0\u00bb global_colors_info=\u00a0\u00bb{}\u00a0\u00bb][et_pb_row column_structure=\u00a0\u00bb1_3,2_3&Prime; admin_label=\u00a0\u00bbFila\u00a0\u00bb _builder_version=\u00a0\u00bb4.16&Prime; background_size=\u00a0\u00bbinitial\u00a0\u00bb background_position=\u00a0\u00bbtop_left\u00a0\u00bb background_repeat=\u00a0\u00bbrepeat\u00a0\u00bb custom_padding=\u00a0\u00bb||0px|||\u00a0\u00bb global_colors_info=\u00a0\u00bb{}\u00a0\u00bb][et_pb_column type=\u00a0\u00bb1_3&Prime; _builder_version=\u00a0\u00bb4.16&Prime; custom_padding=\u00a0\u00bb|||\u00a0\u00bb global_colors_info=\u00a0\u00bb{}\u00a0\u00bb custom_padding__hover=\u00a0\u00bb|||\u00a0\u00bb][et_pb_image src=\u00a0\u00bbhttps:\/\/embajadadepanamaenfrancia.fr\/wp-content\/uploads\/2024\/12\/elpresidente.jpg\u00a0\u00bb alt=\u00a0\u00bb Laurentino Cortizo, Presidente de la Rep\u00fablica de Panam\u00e1\u00a0\u00bb title_text=\u00a0\u00bbelpresident\u00e9\u00a0\u00bb show_in_lightbox=\u00a0\u00bbon\u00a0\u00bb use_overlay=\u00a0\u00bbon\u00a0\u00bb src_tablet=\u00a0\u00bbhttps:\/\/embajadadepanamaenfrancia.fr\/wp-content\/uploads\/2024\/12\/elpresidente.jpg\u00a0\u00bb src_phone=\u00a0\u00bbhttps:\/\/embajadadepanamaenfrancia.fr\/wp-content\/uploads\/2024\/12\/elpresidente.jpg\u00a0\u00bb src_last_edited=\u00a0\u00bbon|desktop\u00a0\u00bb align_tablet=\u00a0\u00bbcenter\u00a0\u00bb align_phone=\u00a0\u00bb\u00a0\u00bb align_last_edited=\u00a0\u00bbon|desktop\u00a0\u00bb admin_label=\u00a0\u00bbImagen\u00a0\u00bb _builder_version=\u00a0\u00bb4.27.2&Prime; animation_style=\u00a0\u00bbslide\u00a0\u00bb animation_direction=\u00a0\u00bbleft\u00a0\u00bb animation_duration=\u00a0\u00bb500ms\u00a0\u00bb animation_intensity_slide=\u00a0\u00bb10%\u00a0\u00bb animation=\u00a0\u00bbleft\u00a0\u00bb sticky=\u00a0\u00bboff\u00a0\u00bb use_border_color=\u00a0\u00bboff\u00a0\u00bb border_color=\u00a0\u00bb#ffffff\u00a0\u00bb border_style=\u00a0\u00bbsolid\u00a0\u00bb always_center_on_mobile=\u00a0\u00bbon\u00a0\u00bb global_colors_info=\u00a0\u00bb{}\u00a0\u00bb src__hover_enabled=\u00a0\u00bbon|desktop\u00a0\u00bb src__hover=\u00a0\u00bbhttps:\/\/embajadadepanamaenfrancia.fr\/wp-content\/uploads\/2024\/12\/elpresidente.jpg\u00a0\u00bb] [\/et_pb_image][et_pb_social_media_follow url_new_window=\u00a0\u00bboff\u00a0\u00bb admin_label=\u00a0\u00bbSeguir en medios sociales\u00a0\u00bb _builder_version=\u00a0\u00bb4.16&Prime; border_radii=\u00a0\u00bbon|100%|100%|100%|100%\u00a0\u00bb link_shape=\u00a0\u00bbcircle\u00a0\u00bb global_colors_info=\u00a0\u00bb{}\u00a0\u00bb][et_pb_social_media_follow_network social_network=\u00a0\u00bbtwitter\u00a0\u00bb url=\u00a0\u00bbhttps:\/\/twitter.com\/NitoCortizo\u00a0\u00bb _builder_version=\u00a0\u00bb4.22.2&Prime; background_color=\u00a0\u00bb#000000&Prime; bg_color=\u00a0\u00bb#00aced\u00a0\u00bb global_colors_info=\u00a0\u00bb{}\u00a0\u00bb follow_button=\u00a0\u00bboff\u00a0\u00bb url_new_window=\u00a0\u00bboff\u00a0\u00bb] Twitter [\/et_pb_social_media_follow_network][\/et_pb_social_media_follow][\/et_pb_column][et_pb_column type=\u00a0\u00bb2_3&Prime; _builder_version=\u00a0\u00bb4.16&Prime; custom_padding=\u00a0\u00bb|||\u00a0\u00bb global_colors_info=\u00a0\u00bb{}\u00a0\u00bb custom_padding__hover=\u00a0\u00bb|||\u00a0\u00bb][et_pb_text admin_label=\u00a0\u00bbTexto\u00a0\u00bb _builder_version=\u00a0\u00bb4.27.2&Prime; background_size=\u00a0\u00bbinitial\u00a0\u00bb background_position=\u00a0\u00bbtop_left\u00a0\u00bb background_repeat=\u00a0\u00bbrepeat\u00a0\u00bb use_border_color=\u00a0\u00bboff\u00a0\u00bb border_color=\u00a0\u00bb#ffffff\u00a0\u00bb border_style=\u00a0\u00bbsolid\u00a0\u00bb global_colors_info=\u00a0\u00bb{}\u00a0\u00bb]<\/p>\n<h2>Jos\u00e9 Ra\u00fal Mulino Quintero<\/h2>\n<p><em>Pr\u00e9sident de la R\u00e9publique de Panama<\/em><\/p>\n<p>Jos\u00e9 Ra\u00fal Mulino, n\u00e9 le 13 juin 1959 \u00e0 David, Chiriqu\u00ed, R\u00e9publique du Panama, est \u00e9lu pr\u00e9sident lors des \u00e9lections g\u00e9n\u00e9rales du 5 mai 2024. Mulino, avocat de profession, poss\u00e8de une vaste exp\u00e9rience dans les domaines juridique, gouvernemental et politique.<\/p>\n<p>\u00c9duqu\u00e9 au Colegio San Vicente de Pa\u00fal \u00e0 David, Chiriqu\u00ed (aujourd&rsquo;hui connu sous le nom de Colegio San Agust\u00edn), Mulino a poursuivi ses \u00e9tudes sup\u00e9rieures \u00e0 l&rsquo;Universidad Santa Mar\u00eda La Antigua (USMA) au Panama, o\u00f9 il a obtenu un dipl\u00f4me en droit et en sciences politiques en 1982. Il a ensuite obtenu une ma\u00eetrise en droit maritime \u00e0 l&rsquo;universit\u00e9 de Tulane, \u00e0 la Nouvelle-Orl\u00e9ans, en 1983.<\/p>\n<p>Sur le plan professionnel, M. Mulino a commenc\u00e9 sa carri\u00e8re d&rsquo;avocat en 1983 et s&rsquo;est fait conna\u00eetre en tant qu&rsquo;associ\u00e9 fondateur du cabinet d&rsquo;avocats F\u00e1brega, Molino y Mulino en 1988, o\u00f9 il est rest\u00e9 jusqu&rsquo;en 2015. Depuis lors, il est avocat-conseil au sein du cabinet Mulino &amp; Mulino. Son exp\u00e9rience s&rsquo;\u00e9tend au secteur maritime international, o\u00f9 il repr\u00e9sente des compagnies maritimes, des armateurs et des banques en Europe et en Asie depuis 1989.<\/p>\n<p>La carri\u00e8re publique de M. Mulino est tout aussi remarquable. D&rsquo;abord vice-ministre des affaires \u00e9trang\u00e8res en 1990, il a \u00e9t\u00e9 nomm\u00e9 ministre des affaires \u00e9trang\u00e8res en 1993, poste qu&rsquo;il a occup\u00e9 jusqu&rsquo;en 1994. Pendant son mandat, en avril 1994, il a \u00e9t\u00e9 le premier ministre panam\u00e9en des affaires \u00e9trang\u00e8res \u00e0 se rendre en Russie apr\u00e8s 90 ans de relations diplomatiques. Il a \u00e9galement \u00e9t\u00e9 juge suppl\u00e9ant \u00e0 la chambre civile de la Cour supr\u00eame de justice entre 1994 et 1996. Dans le gouvernement de Ricardo Martinelli, il a \u00e9t\u00e9 nomm\u00e9 ministre du gouvernement et de la justice en 2009, puis ministre de la s\u00e9curit\u00e9 publique en 2010, poste qu&rsquo;il a occup\u00e9 jusqu&rsquo;en 2014.<\/p>\n<p>Sur la sc\u00e8ne politique, M. Mulino a dirig\u00e9 plusieurs partis, dont la pr\u00e9sidence du Parti de la solidarit\u00e9 (2005-2008) et du Parti de l&rsquo;union patriotique (2008-2011). En 2018, il a \u00e9t\u00e9 pr\u00e9-candidat \u00e0 l&rsquo;\u00e9lection pr\u00e9sidentielle pour le Parti du changement d\u00e9mocratique. Enfin, le 5 mars 2024, il devient le candidat pr\u00e9sidentiel du parti Realizando Metas (RM) et remporte les \u00e9lections g\u00e9n\u00e9rales de mai 2024.<\/p>\n<p>Mulino est \u00e9galement connu pour sa participation \u00e0 la Croisade nationale civiliste, o\u00f9 il a jou\u00e9 un r\u00f4le cl\u00e9 dans l&rsquo;opposition au r\u00e9gime de Manuel Antonio Noriega, contribuant \u00e0 sa chute en 1989. Il a \u00e9galement occup\u00e9 des postes dans le secteur des affaires, en tant que pr\u00e9sident de l&rsquo;APEDE et vice-pr\u00e9sident du CONEP entre 1989 et 1990.<\/p>\n<p>Jos\u00e9 Ra\u00fal Mulino est mari\u00e9 \u00e0 Maricel Cohen depuis 1985 et est le p\u00e8re de quatre enfants : Jos\u00e9 Ra\u00fal Jr, Monique Alexandra, Alexandra Victoria et Ver\u00f3nica Isabel Mulino Cohen. Il est \u00e9galement le grand-p\u00e8re de quatre petits-enfants : Sofia Victoria, Samuel Ignacio, Isabella Mia et Camila Mar.<\/p>\n<p>Mulino a re\u00e7u de nombreuses d\u00e9corations en reconnaissance de son service, notamment la Grand-Croix de la R\u00e9publique du Panama, de Colombie, d&rsquo;Argentine, du gouvernorat d&rsquo;Antioquia et la Croix du m\u00e9rite naval du P\u00e9rou, entre autres.<\/p>\n<p>Le 1er juillet 2024, M. Mulino assumera la pr\u00e9sidence, devenant ainsi le septi\u00e8me pr\u00e9sident \u00e9lu du Panama dans l&rsquo;\u00e8re d\u00e9mocratique, marquant ainsi un nouveau chapitre dans l&rsquo;histoire politique du pays.<\/p>\n<p>&nbsp;<\/p>\n<p>&nbsp;<\/p>\n<p>[\/et_pb_text][\/et_pb_column][\/et_pb_row][\/et_pb_section][et_pb_section fb_built=\u00a0\u00bb1&Prime; admin_label=\u00a0\u00bbSecci\u00f3n\u00a0\u00bb _builder_version=\u00a0\u00bb4.16&Prime; custom_margin=\u00a0\u00bb0px|||||\u00a0\u00bb custom_padding=\u00a0\u00bb0px|||||\u00a0\u00bb global_colors_info=\u00a0\u00bb{}\u00a0\u00bb][et_pb_row admin_label=\u00a0\u00bbFila\u00a0\u00bb _builder_version=\u00a0\u00bb4.16&Prime; background_size=\u00a0\u00bbinitial\u00a0\u00bb background_position=\u00a0\u00bbtop_left\u00a0\u00bb background_repeat=\u00a0\u00bbrepeat\u00a0\u00bb custom_padding=\u00a0\u00bb0px|||||\u00a0\u00bb global_colors_info=\u00a0\u00bb{}\u00a0\u00bb][et_pb_column type=\u00a0\u00bb4_4&Prime; _builder_version=\u00a0\u00bb4.16&Prime; custom_padding=\u00a0\u00bb|||\u00a0\u00bb global_colors_info=\u00a0\u00bb{}\u00a0\u00bb custom_padding__hover=\u00a0\u00bb|||\u00a0\u00bb][et_pb_divider show_divider=\u00a0\u00bboff\u00a0\u00bb admin_label=\u00a0\u00bbSeparador\u00a0\u00bb _builder_version=\u00a0\u00bb4.16&Prime; height=\u00a0\u00bb10px\u00a0\u00bb hide_on_mobile=\u00a0\u00bboff\u00a0\u00bb global_colors_info=\u00a0\u00bb{}\u00a0\u00bb] [\/et_pb_divider][et_pb_divider color=\u00a0\u00bb#eaeaea\u00a0\u00bb admin_label=\u00a0\u00bbSeparador\u00a0\u00bb _builder_version=\u00a0\u00bb4.16&Prime; height=\u00a0\u00bb80px\u00a0\u00bb custom_margin=\u00a0\u00bb||-139px|||\u00a0\u00bb hide_on_mobile=\u00a0\u00bboff\u00a0\u00bb global_colors_info=\u00a0\u00bb{}\u00a0\u00bb] [\/et_pb_divider][\/et_pb_column][\/et_pb_row][\/et_pb_section][et_pb_section fb_built=\u00a0\u00bb1&Prime; admin_label=\u00a0\u00bbSecci\u00f3n\u00a0\u00bb _builder_version=\u00a0\u00bb4.16&Prime; custom_margin=\u00a0\u00bb-71px|||||\u00a0\u00bb custom_padding=\u00a0\u00bb||0px|||\u00a0\u00bb global_colors_info=\u00a0\u00bb{}\u00a0\u00bb][et_pb_row column_structure=\u00a0\u00bb1_3,2_3&Prime; admin_label=\u00a0\u00bbFila\u00a0\u00bb _builder_version=\u00a0\u00bb4.16&Prime; background_size=\u00a0\u00bbinitial\u00a0\u00bb background_position=\u00a0\u00bbtop_left\u00a0\u00bb background_repeat=\u00a0\u00bbrepeat\u00a0\u00bb custom_padding=\u00a0\u00bb||0px|||\u00a0\u00bb global_colors_info=\u00a0\u00bb{}\u00a0\u00bb][et_pb_column type=\u00a0\u00bb1_3&Prime; _builder_version=\u00a0\u00bb4.16&Prime; custom_padding=\u00a0\u00bb|||\u00a0\u00bb global_colors_info=\u00a0\u00bb{}\u00a0\u00bb custom_padding__hover=\u00a0\u00bb|||\u00a0\u00bb][et_pb_image src=\u00a0\u00bbhttps:\/\/embajadadepanamaenfrancia.fr\/wp-content\/uploads\/2024\/12\/Perfil-Canciller-JMAV-1200&#215;675-1.png\u00a0\u00bb alt=\u00a0\u00bbJose Gabriel Carrizo Jaen &#8211; Vicepresidente de la Rep\u00fablica de Panam\u00e1\u00a0\u00bb title_text=\u00a0\u00bbPerfil-Canciller-JMAV-1200&#215;675&Prime; show_in_lightbox=\u00a0\u00bbon\u00a0\u00bb use_overlay=\u00a0\u00bbon\u00a0\u00bb align_tablet=\u00a0\u00bbcenter\u00a0\u00bb align_phone=\u00a0\u00bb\u00a0\u00bb align_last_edited=\u00a0\u00bbon|desktop\u00a0\u00bb admin_label=\u00a0\u00bbImagen\u00a0\u00bb _builder_version=\u00a0\u00bb4.27.2&Prime; animation_style=\u00a0\u00bbslide\u00a0\u00bb animation_direction=\u00a0\u00bbleft\u00a0\u00bb animation_duration=\u00a0\u00bb500ms\u00a0\u00bb animation_intensity_slide=\u00a0\u00bb10%\u00a0\u00bb animation=\u00a0\u00bbleft\u00a0\u00bb sticky=\u00a0\u00bboff\u00a0\u00bb use_border_color=\u00a0\u00bboff\u00a0\u00bb border_color=\u00a0\u00bb#ffffff\u00a0\u00bb border_style=\u00a0\u00bbsolid\u00a0\u00bb always_center_on_mobile=\u00a0\u00bbon\u00a0\u00bb global_colors_info=\u00a0\u00bb{}\u00a0\u00bb] [\/et_pb_image][\/et_pb_column][et_pb_column type=\u00a0\u00bb2_3&Prime; _builder_version=\u00a0\u00bb4.16&Prime; custom_padding=\u00a0\u00bb|||\u00a0\u00bb global_colors_info=\u00a0\u00bb{}\u00a0\u00bb custom_padding__hover=\u00a0\u00bb|||\u00a0\u00bb][et_pb_text admin_label=\u00a0\u00bbTexto\u00a0\u00bb _builder_version=\u00a0\u00bb4.27.2&Prime; background_size=\u00a0\u00bbinitial\u00a0\u00bb background_position=\u00a0\u00bbtop_left\u00a0\u00bb background_repeat=\u00a0\u00bbrepeat\u00a0\u00bb use_border_color=\u00a0\u00bboff\u00a0\u00bb border_color=\u00a0\u00bb#ffffff\u00a0\u00bb border_style=\u00a0\u00bbsolid\u00a0\u00bb global_colors_info=\u00a0\u00bb{}\u00a0\u00bb]<\/p>\n<p>Son Excellence<br \/><strong>Javier Eduardo Mart\u00ednez-Acha V\u00e1squez<\/strong><br \/>Ministre des affaires \u00e9trang\u00e8res<\/p>\n<div class=\"fusion-text fusion-text-2\">\n<p>Javier Mart\u00ednez-Acha V\u00e1squez poss\u00e8de une vaste exp\u00e9rience dans le monde des affaires, ce qui lui a permis de consolider sa position de figure cl\u00e9 et de r\u00e9f\u00e9rence dans le secteur financier national et international. Avec 27 ans d&rsquo;exp\u00e9rience dans l&rsquo;investissement, la finance et la bourse, il a activement contribu\u00e9 au progr\u00e8s et au d\u00e9veloppement \u00e9conomique du pays.<\/p>\n<p>Au cours de sa carri\u00e8re professionnelle, il a occup\u00e9 des postes cl\u00e9s dans le secteur des affaires, en tant que directeur de banque commerciale et priv\u00e9e, conseiller, consultant financier, tr\u00e9sorier, directeur g\u00e9n\u00e9ral et vice-pr\u00e9sident de soci\u00e9t\u00e9s prestigieuses du secteur bancaire et financier du pays, d\u00e9montrant ainsi sa capacit\u00e9 \u00e0 attirer et \u00e0 g\u00e9rer d&rsquo;importants portefeuilles d&rsquo;entreprises au niveau mondial.<\/p>\n<p>En tant que courtier en valeurs mobili\u00e8res agr\u00e9\u00e9, il a d\u00e9velopp\u00e9 une vision globale du march\u00e9 des valeurs mobili\u00e8res, ce qui lui a permis de positionner Geneva Asset Management, S.A., une soci\u00e9t\u00e9 dont il est l&rsquo;un des associ\u00e9s fondateurs, parmi les plus respect\u00e9es dans son domaine.<\/p>\n<p>Sa carri\u00e8re professionnelle est compl\u00e9t\u00e9e par une solide formation universitaire pluridisciplinaire, avec des dipl\u00f4mes de premier cycle en ing\u00e9nierie industrielle, en \u00e9conomie, en droit et en sciences politiques, obtenus dans des universit\u00e9s prestigieuses telles que l&rsquo;universit\u00e9 Texas A&amp;M, l&rsquo;universit\u00e9 latine des sciences et technologies et l&rsquo;universit\u00e9 de Londres. Au niveau du troisi\u00e8me cycle, il est titulaire de dipl\u00f4mes en droit \u00e9conomique international, en droit des affaires internationales et d&rsquo;une ma\u00eetrise en droit avec une sp\u00e9cialisation en arbitrage international de l&rsquo;universit\u00e9 de Londres.<\/p>\n<p>En outre, il est membre de l&rsquo;Ordre national des avocats et parle couramment trois langues : l&rsquo;espagnol, l&rsquo;anglais et le fran\u00e7ais, ce qui lui permettra de fonctionner et d&rsquo;agir efficacement dans des environnements internationaux et multiculturels.<\/p>\n<p>Son exp\u00e9rience, sa formation universitaire et ses comp\u00e9tences personnelles lui permettront de promouvoir une politique \u00e9trang\u00e8re de promotion et d&rsquo;attraction des investissements au profit de la R\u00e9publique du Panama.<\/p>\n<\/div>\n<p>&nbsp;<\/p>\n<p>[\/et_pb_text][\/et_pb_column][\/et_pb_row][\/et_pb_section][et_pb_section fb_built=\u00a0\u00bb1&Prime; admin_label=\u00a0\u00bbSecci\u00f3n\u00a0\u00bb _builder_version=\u00a0\u00bb4.16&Prime; custom_padding=\u00a0\u00bb0px||0px|||\u00a0\u00bb global_colors_info=\u00a0\u00bb{}\u00a0\u00bb][et_pb_row admin_label=\u00a0\u00bbFila\u00a0\u00bb _builder_version=\u00a0\u00bb4.16&Prime; background_size=\u00a0\u00bbinitial\u00a0\u00bb background_position=\u00a0\u00bbtop_left\u00a0\u00bb background_repeat=\u00a0\u00bbrepeat\u00a0\u00bb custom_padding=\u00a0\u00bb0px||0px|||\u00a0\u00bb global_colors_info=\u00a0\u00bb{}\u00a0\u00bb][et_pb_column type=\u00a0\u00bb4_4&Prime; _builder_version=\u00a0\u00bb4.16&Prime; custom_padding=\u00a0\u00bb|||\u00a0\u00bb global_colors_info=\u00a0\u00bb{}\u00a0\u00bb custom_padding__hover=\u00a0\u00bb|||\u00a0\u00bb][et_pb_divider show_divider=\u00a0\u00bboff\u00a0\u00bb admin_label=\u00a0\u00bbSeparador\u00a0\u00bb _builder_version=\u00a0\u00bb4.16&Prime; height=\u00a0\u00bb10px\u00a0\u00bb hide_on_mobile=\u00a0\u00bboff\u00a0\u00bb global_colors_info=\u00a0\u00bb{}\u00a0\u00bb] [\/et_pb_divider][et_pb_divider color=\u00a0\u00bb#eaeaea\u00a0\u00bb admin_label=\u00a0\u00bbSeparador\u00a0\u00bb _builder_version=\u00a0\u00bb4.16&Prime; height=\u00a0\u00bb80px\u00a0\u00bb custom_padding=\u00a0\u00bb0px||0px|||\u00a0\u00bb hide_on_mobile=\u00a0\u00bboff\u00a0\u00bb global_colors_info=\u00a0\u00bb{}\u00a0\u00bb] [\/et_pb_divider][\/et_pb_column][\/et_pb_row][\/et_pb_section][et_pb_section fb_built=\u00a0\u00bb1&Prime; admin_label=\u00a0\u00bbSecci\u00f3n\u00a0\u00bb _builder_version=\u00a0\u00bb4.16&Prime; custom_margin=\u00a0\u00bb||-59px|||\u00a0\u00bb custom_padding=\u00a0\u00bb0px|||||\u00a0\u00bb global_colors_info=\u00a0\u00bb{}\u00a0\u00bb][\/et_pb_section][et_pb_section fb_built=\u00a0\u00bb1&Prime; admin_label=\u00a0\u00bbSecci\u00f3n\u00a0\u00bb _builder_version=\u00a0\u00bb4.16&Prime; custom_padding=\u00a0\u00bb0px||0px|||\u00a0\u00bb global_colors_info=\u00a0\u00bb{}\u00a0\u00bb][et_pb_row admin_label=\u00a0\u00bbFila\u00a0\u00bb _builder_version=\u00a0\u00bb4.16&Prime; background_size=\u00a0\u00bbinitial\u00a0\u00bb background_position=\u00a0\u00bbtop_left\u00a0\u00bb background_repeat=\u00a0\u00bbrepeat\u00a0\u00bb custom_padding=\u00a0\u00bb0px||0px|||\u00a0\u00bb global_colors_info=\u00a0\u00bb{}\u00a0\u00bb][et_pb_column type=\u00a0\u00bb4_4&Prime; _builder_version=\u00a0\u00bb4.16&Prime; custom_padding=\u00a0\u00bb|||\u00a0\u00bb global_colors_info=\u00a0\u00bb{}\u00a0\u00bb custom_padding__hover=\u00a0\u00bb|||\u00a0\u00bb][et_pb_divider show_divider=\u00a0\u00bboff\u00a0\u00bb admin_label=\u00a0\u00bbSeparador\u00a0\u00bb _builder_version=\u00a0\u00bb4.16&Prime; height=\u00a0\u00bb10px\u00a0\u00bb hide_on_mobile=\u00a0\u00bboff\u00a0\u00bb global_colors_info=\u00a0\u00bb{}\u00a0\u00bb] [\/et_pb_divider][et_pb_divider color=\u00a0\u00bb#eaeaea\u00a0\u00bb admin_label=\u00a0\u00bbSeparador\u00a0\u00bb _builder_version=\u00a0\u00bb4.16&Prime; height=\u00a0\u00bb80px\u00a0\u00bb custom_margin=\u00a0\u00bb||-98px|||\u00a0\u00bb custom_padding=\u00a0\u00bb||0px|||\u00a0\u00bb hide_on_mobile=\u00a0\u00bboff\u00a0\u00bb global_colors_info=\u00a0\u00bb{}\u00a0\u00bb] [\/et_pb_divider][\/et_pb_column][\/et_pb_row][\/et_pb_section][et_pb_section fb_built=\u00a0\u00bb1&Prime; admin_label=\u00a0\u00bbSecci\u00f3n\u00a0\u00bb _builder_version=\u00a0\u00bb4.16&Prime; global_colors_info=\u00a0\u00bb{}\u00a0\u00bb][et_pb_row column_structure=\u00a0\u00bb1_3,2_3&Prime; admin_label=\u00a0\u00bbFila\u00a0\u00bb _builder_version=\u00a0\u00bb4.16&Prime; background_size=\u00a0\u00bbinitial\u00a0\u00bb background_position=\u00a0\u00bbtop_left\u00a0\u00bb background_repeat=\u00a0\u00bbrepeat\u00a0\u00bb global_colors_info=\u00a0\u00bb{}\u00a0\u00bb][et_pb_column type=\u00a0\u00bb1_3&Prime; _builder_version=\u00a0\u00bb4.16&Prime; custom_padding=\u00a0\u00bb|||\u00a0\u00bb global_colors_info=\u00a0\u00bb{}\u00a0\u00bb custom_padding__hover=\u00a0\u00bb|||\u00a0\u00bb][\/et_pb_column][et_pb_column type=\u00a0\u00bb2_3&Prime; _builder_version=\u00a0\u00bb4.16&Prime; custom_padding=\u00a0\u00bb|||\u00a0\u00bb global_colors_info=\u00a0\u00bb{}\u00a0\u00bb custom_padding__hover=\u00a0\u00bb|||\u00a0\u00bb][\/et_pb_column][\/et_pb_row][\/et_pb_section]<\/p>\n","protected":false},"excerpt":{"rendered":"<p>Jos\u00e9 Ra\u00fal Mulino Quintero Pr\u00e9sident de la R\u00e9publique de Panama Jos\u00e9 Ra\u00fal Mulino, n\u00e9 le 13 juin 1959 \u00e0 David, Chiriqu\u00ed, R\u00e9publique du Panama, est \u00e9lu pr\u00e9sident lors des \u00e9lections g\u00e9n\u00e9rales du 5 mai 2024. Mulino, avocat de profession, poss\u00e8de une vaste exp\u00e9rience dans les domaines juridique, gouvernemental et politique. \u00c9duqu\u00e9 au Colegio San Vicente [&hellip;]<\/p>\n","protected":false},"author":4,"featured_media":0,"parent":0,"menu_order":0,"comment_status":"closed","ping_status":"closed","template":"","meta":{"_et_pb_use_builder":"on","_et_pb_old_content":"","_et_gb_content_width":"","footnotes":""},"class_list":["post-5479","page","type-page","status-publish","hentry"],"yoast_head":"<!-- This site is optimized with the Yoast SEO plugin v23.6 - https:\/\/yoast.com\/wordpress\/plugins\/seo\/ -->\n<title>Autorit\u00e9s - Embajada de Panam\u00e1 en Francia - Ambassade du Panama en France<\/title>\n<meta name=\"robots\" content=\"index, follow, max-snippet:-1, max-image-preview:large, max-video-preview:-1\" \/>\n<link rel=\"canonical\" href=\"https:\/\/embajadadepanamaenfrancia.fr\/fr\/autorites\/\" \/>\n<meta property=\"og:locale\" content=\"fr_FR\" \/>\n<meta property=\"og:type\" content=\"article\" \/>\n<meta property=\"og:title\" content=\"Autorit\u00e9s - Embajada de Panam\u00e1 en Francia - Ambassade du Panama en France\" \/>\n<meta property=\"og:description\" content=\"Jos\u00e9 Ra\u00fal Mulino Quintero Pr\u00e9sident de la R\u00e9publique de Panama Jos\u00e9 Ra\u00fal Mulino, n\u00e9 le 13 juin 1959 \u00e0 David, Chiriqu\u00ed, R\u00e9publique du Panama, est \u00e9lu pr\u00e9sident lors des \u00e9lections g\u00e9n\u00e9rales du 5 mai 2024. Mulino, avocat de profession, poss\u00e8de une vaste exp\u00e9rience dans les domaines juridique, gouvernemental et politique. \u00c9duqu\u00e9 au Colegio San Vicente [&hellip;]\" \/>\n<meta property=\"og:url\" content=\"https:\/\/embajadadepanamaenfrancia.fr\/fr\/autorites\/\" \/>\n<meta property=\"og:site_name\" content=\"Embajada de Panam\u00e1 en Francia - Ambassade du Panama en France\" \/>\n<meta property=\"article:modified_time\" content=\"2025-01-27T22:37:01+00:00\" \/>\n<meta name=\"twitter:card\" content=\"summary_large_image\" \/>\n<meta name=\"twitter:label1\" content=\"Dur\u00e9e de lecture estim\u00e9e\" \/>\n\t<meta name=\"twitter:data1\" content=\"5 minutes\" \/>\n<script type=\"application\/ld+json\" class=\"yoast-schema-graph\">{\"@context\":\"https:\/\/schema.org\",\"@graph\":[{\"@type\":\"WebPage\",\"@id\":\"https:\/\/embajadadepanamaenfrancia.fr\/fr\/autorites\/\",\"url\":\"https:\/\/embajadadepanamaenfrancia.fr\/fr\/autorites\/\",\"name\":\"Autorit\u00e9s - Embajada de Panam\u00e1 en Francia - Ambassade du Panama en France\",\"isPartOf\":{\"@id\":\"https:\/\/embajadadepanamaenfrancia.fr\/fr\/#website\"},\"datePublished\":\"2019-08-26T13:32:53+00:00\",\"dateModified\":\"2025-01-27T22:37:01+00:00\",\"breadcrumb\":{\"@id\":\"https:\/\/embajadadepanamaenfrancia.fr\/fr\/autorites\/#breadcrumb\"},\"inLanguage\":\"fr-FR\",\"potentialAction\":[{\"@type\":\"ReadAction\",\"target\":[\"https:\/\/embajadadepanamaenfrancia.fr\/fr\/autorites\/\"]}]},{\"@type\":\"BreadcrumbList\",\"@id\":\"https:\/\/embajadadepanamaenfrancia.fr\/fr\/autorites\/#breadcrumb\",\"itemListElement\":[{\"@type\":\"ListItem\",\"position\":1,\"name\":\"Portada\",\"item\":\"https:\/\/embajadadepanamaenfrancia.fr\/fr\/\"},{\"@type\":\"ListItem\",\"position\":2,\"name\":\"Autorit\u00e9s\"}]},{\"@type\":\"WebSite\",\"@id\":\"https:\/\/embajadadepanamaenfrancia.fr\/fr\/#website\",\"url\":\"https:\/\/embajadadepanamaenfrancia.fr\/fr\/\",\"name\":\"Embajada de Panam\u00e1 en Francia - Ambassade du Panama en France\",\"description\":\"Bienvenido al sitio de la Embajada de Panam\u00e1 en Francia - Bienvenu \u00e0 l&#039;Ambassade du Panama en France\",\"potentialAction\":[{\"@type\":\"SearchAction\",\"target\":{\"@type\":\"EntryPoint\",\"urlTemplate\":\"https:\/\/embajadadepanamaenfrancia.fr\/fr\/?s={search_term_string}\"},\"query-input\":{\"@type\":\"PropertyValueSpecification\",\"valueRequired\":true,\"valueName\":\"search_term_string\"}}],\"inLanguage\":\"fr-FR\"}]}<\/script>\n<!-- \/ Yoast SEO plugin. -->","yoast_head_json":{"title":"Autorit\u00e9s - Embajada de Panam\u00e1 en Francia - Ambassade du Panama en France","robots":{"index":"index","follow":"follow","max-snippet":"max-snippet:-1","max-image-preview":"max-image-preview:large","max-video-preview":"max-video-preview:-1"},"canonical":"https:\/\/embajadadepanamaenfrancia.fr\/fr\/autorites\/","og_locale":"fr_FR","og_type":"article","og_title":"Autorit\u00e9s - Embajada de Panam\u00e1 en Francia - Ambassade du Panama en France","og_description":"Jos\u00e9 Ra\u00fal Mulino Quintero Pr\u00e9sident de la R\u00e9publique de Panama Jos\u00e9 Ra\u00fal Mulino, n\u00e9 le 13 juin 1959 \u00e0 David, Chiriqu\u00ed, R\u00e9publique du Panama, est \u00e9lu pr\u00e9sident lors des \u00e9lections g\u00e9n\u00e9rales du 5 mai 2024. Mulino, avocat de profession, poss\u00e8de une vaste exp\u00e9rience dans les domaines juridique, gouvernemental et politique. \u00c9duqu\u00e9 au Colegio San Vicente [&hellip;]","og_url":"https:\/\/embajadadepanamaenfrancia.fr\/fr\/autorites\/","og_site_name":"Embajada de Panam\u00e1 en Francia - Ambassade du Panama en France","article_modified_time":"2025-01-27T22:37:01+00:00","twitter_card":"summary_large_image","twitter_misc":{"Dur\u00e9e de lecture estim\u00e9e":"5 minutes"},"schema":{"@context":"https:\/\/schema.org","@graph":[{"@type":"WebPage","@id":"https:\/\/embajadadepanamaenfrancia.fr\/fr\/autorites\/","url":"https:\/\/embajadadepanamaenfrancia.fr\/fr\/autorites\/","name":"Autorit\u00e9s - Embajada de Panam\u00e1 en Francia - Ambassade du Panama en France","isPartOf":{"@id":"https:\/\/embajadadepanamaenfrancia.fr\/fr\/#website"},"datePublished":"2019-08-26T13:32:53+00:00","dateModified":"2025-01-27T22:37:01+00:00","breadcrumb":{"@id":"https:\/\/embajadadepanamaenfrancia.fr\/fr\/autorites\/#breadcrumb"},"inLanguage":"fr-FR","potentialAction":[{"@type":"ReadAction","target":["https:\/\/embajadadepanamaenfrancia.fr\/fr\/autorites\/"]}]},{"@type":"BreadcrumbList","@id":"https:\/\/embajadadepanamaenfrancia.fr\/fr\/autorites\/#breadcrumb","itemListElement":[{"@type":"ListItem","position":1,"name":"Portada","item":"https:\/\/embajadadepanamaenfrancia.fr\/fr\/"},{"@type":"ListItem","position":2,"name":"Autorit\u00e9s"}]},{"@type":"WebSite","@id":"https:\/\/embajadadepanamaenfrancia.fr\/fr\/#website","url":"https:\/\/embajadadepanamaenfrancia.fr\/fr\/","name":"Embajada de Panam\u00e1 en Francia - Ambassade du Panama en France","description":"Bienvenido al sitio de la Embajada de Panam\u00e1 en Francia - Bienvenu \u00e0 l&#039;Ambassade du Panama en France","potentialAction":[{"@type":"SearchAction","target":{"@type":"EntryPoint","urlTemplate":"https:\/\/embajadadepanamaenfrancia.fr\/fr\/?s={search_term_string}"},"query-input":{"@type":"PropertyValueSpecification","valueRequired":true,"valueName":"search_term_string"}}],"inLanguage":"fr-FR"}]}},"_links":{"self":[{"href":"https:\/\/embajadadepanamaenfrancia.fr\/fr\/wp-json\/wp\/v2\/pages\/5479"}],"collection":[{"href":"https:\/\/embajadadepanamaenfrancia.fr\/fr\/wp-json\/wp\/v2\/pages"}],"about":[{"href":"https:\/\/embajadadepanamaenfrancia.fr\/fr\/wp-json\/wp\/v2\/types\/page"}],"author":[{"embeddable":true,"href":"https:\/\/embajadadepanamaenfrancia.fr\/fr\/wp-json\/wp\/v2\/users\/4"}],"replies":[{"embeddable":true,"href":"https:\/\/embajadadepanamaenfrancia.fr\/fr\/wp-json\/wp\/v2\/comments?post=5479"}],"version-history":[{"count":31,"href":"https:\/\/embajadadepanamaenfrancia.fr\/fr\/wp-json\/wp\/v2\/pages\/5479\/revisions"}],"predecessor-version":[{"id":19348,"href":"https:\/\/embajadadepanamaenfrancia.fr\/fr\/wp-json\/wp\/v2\/pages\/5479\/revisions\/19348"}],"wp:attachment":[{"href":"https:\/\/embajadadepanamaenfrancia.fr\/fr\/wp-json\/wp\/v2\/media?parent=5479"}],"curies":[{"name":"wp","href":"https:\/\/api.w.org\/{rel}","templated":true}]}}