{"id":6884,"date":"2016-01-25T13:16:39","date_gmt":"2016-01-25T13:16:39","guid":{"rendered":"http:\/\/2020.embajadadepanamaenfrancia.fr\/ambassade\/embajadora\/"},"modified":"2025-04-23T13:35:48","modified_gmt":"2025-04-23T11:35:48","slug":"ambassadrice","status":"publish","type":"page","link":"https:\/\/embajadadepanamaenfrancia.fr\/fr\/ambassade\/ambassadrice\/","title":{"rendered":"Charg\u00e9 d&rsquo;Affaires"},"content":{"rendered":"<p>[et_pb_section fb_built=\u00a0\u00bb1&Prime; admin_label=\u00a0\u00bbsection\u00a0\u00bb _builder_version=\u00a0\u00bb4.16&Prime; global_colors_info=\u00a0\u00bb{}\u00a0\u00bb][et_pb_row column_structure=\u00a0\u00bb2_5,3_5&Prime; admin_label=\u00a0\u00bbFila\u00a0\u00bb _builder_version=\u00a0\u00bb4.16&Prime; background_size=\u00a0\u00bbinitial\u00a0\u00bb background_position=\u00a0\u00bbtop_left\u00a0\u00bb background_repeat=\u00a0\u00bbrepeat\u00a0\u00bb global_colors_info=\u00a0\u00bb{}\u00a0\u00bb][et_pb_column type=\u00a0\u00bb2_5&Prime; _builder_version=\u00a0\u00bb4.16&Prime; custom_padding=\u00a0\u00bb|||\u00a0\u00bb global_colors_info=\u00a0\u00bb{}\u00a0\u00bb custom_padding__hover=\u00a0\u00bb|||\u00a0\u00bb][et_pb_image src=\u00a0\u00bbhttp:\/\/2020.embajadadepanamaenfrancia.fr\/wp-content\/uploads\/2020\/02\/SE-Issamary-SANCHEZ-ORTEGA.jpg\u00a0\u00bb align=\u00a0\u00bbcenter\u00a0\u00bb disabled_on=\u00a0\u00bbon|on|on\u00a0\u00bb _builder_version=\u00a0\u00bb4.16&Prime; animation_style=\u00a0\u00bbfade\u00a0\u00bb disabled=\u00a0\u00bbon\u00a0\u00bb global_colors_info=\u00a0\u00bb{}\u00a0\u00bb][\/et_pb_image][et_pb_text admin_label=\u00a0\u00bbTeS. E. Issamary SANCHEZ ORTEGA &#8211; Embajadora de Panam\u00e1 en Franciaxto\u00a0\u00bb _builder_version=\u00a0\u00bb4.27.2&Prime; background_size=\u00a0\u00bbinitial\u00a0\u00bb background_position=\u00a0\u00bbtop_left\u00a0\u00bb background_repeat=\u00a0\u00bbrepeat\u00a0\u00bb hover_enabled=\u00a0\u00bb0&Prime; use_border_color=\u00a0\u00bboff\u00a0\u00bb border_color=\u00a0\u00bb#ffffff\u00a0\u00bb border_style=\u00a0\u00bbsolid\u00a0\u00bb global_colors_info=\u00a0\u00bb{}\u00a0\u00bb sticky_enabled=\u00a0\u00bb0&Prime;]<\/p>\n<p style=\"text-align: center;\"><span style=\"color: #868686;\"><em>S. S. Edgardo Pitti<\/em><\/span><br \/><span style=\"color: #868686;\"><em>Charg\u00e9 d&rsquo;Affaires de Panama en France<\/em><\/span><\/p>\n<p>[\/et_pb_text][\/et_pb_column][et_pb_column type=\u00a0\u00bb3_5&Prime; _builder_version=\u00a0\u00bb4.16&Prime; custom_padding=\u00a0\u00bb|||\u00a0\u00bb global_colors_info=\u00a0\u00bb{}\u00a0\u00bb custom_padding__hover=\u00a0\u00bb|||\u00a0\u00bb][et_pb_text admin_label=\u00a0\u00bbMots de bienvenue de Son Excellence Issamary SANCHEZ ORTEGAxto\u00a0\u00bb _builder_version=\u00a0\u00bb4.27.2&Prime; background_size=\u00a0\u00bbinitial\u00a0\u00bb background_position=\u00a0\u00bbtop_left\u00a0\u00bb background_repeat=\u00a0\u00bbrepeat\u00a0\u00bb custom_margin=\u00a0\u00bb||30px||false|false\u00a0\u00bb hover_enabled=\u00a0\u00bb0&Prime; use_border_color=\u00a0\u00bboff\u00a0\u00bb border_color=\u00a0\u00bb#ffffff\u00a0\u00bb border_style=\u00a0\u00bbsolid\u00a0\u00bb global_colors_info=\u00a0\u00bb{}\u00a0\u00bb sticky_enabled=\u00a0\u00bb0&Prime;]<\/p>\n<h2 style=\"text-align: center;\">Edgardo PITTI<\/h2>\n<p style=\"text-align: justify;\">[\/et_pb_text][\/et_pb_column][\/et_pb_row][et_pb_row admin_label=\u00a0\u00bbFila\u00a0\u00bb _builder_version=\u00a0\u00bb4.16&Prime; background_size=\u00a0\u00bbinitial\u00a0\u00bb background_position=\u00a0\u00bbtop_left\u00a0\u00bb background_repeat=\u00a0\u00bbrepeat\u00a0\u00bb global_colors_info=\u00a0\u00bb{}\u00a0\u00bb][et_pb_column type=\u00a0\u00bb4_4&Prime; _builder_version=\u00a0\u00bb4.16&Prime; custom_padding=\u00a0\u00bb|||\u00a0\u00bb global_colors_info=\u00a0\u00bb{}\u00a0\u00bb custom_padding__hover=\u00a0\u00bb|||\u00a0\u00bb][et_pb_text admin_label=\u00a0\u00bbTexto\u00a0\u00bb _builder_version=\u00a0\u00bb4.16&Prime; background_size=\u00a0\u00bbinitial\u00a0\u00bb background_position=\u00a0\u00bbtop_left\u00a0\u00bb background_repeat=\u00a0\u00bbrepeat\u00a0\u00bb text_orientation=\u00a0\u00bbjustified\u00a0\u00bb custom_padding=\u00a0\u00bb2px|||||\u00a0\u00bb use_border_color=\u00a0\u00bboff\u00a0\u00bb border_color=\u00a0\u00bb#ffffff\u00a0\u00bb border_style=\u00a0\u00bbsolid\u00a0\u00bb global_colors_info=\u00a0\u00bb{}\u00a0\u00bb][\/et_pb_text][et_pb_text _builder_version=\u00a0\u00bb4.21.0&Prime; _module_preset=\u00a0\u00bbdefault\u00a0\u00bb text_text_color=\u00a0\u00bb#474747&Prime; text_orientation=\u00a0\u00bbjustified\u00a0\u00bb global_colors_info=\u00a0\u00bb{}\u00a0\u00bb]<\/p>\n<p>&nbsp;<\/p>\n<p>&nbsp;<\/p>\n<p>[\/et_pb_text][\/et_pb_column][\/et_pb_row][et_pb_row admin_label=\u00a0\u00bbrow\u00a0\u00bb _builder_version=\u00a0\u00bb4.16&Prime; background_size=\u00a0\u00bbinitial\u00a0\u00bb background_position=\u00a0\u00bbtop_left\u00a0\u00bb background_repeat=\u00a0\u00bbrepeat\u00a0\u00bb global_colors_info=\u00a0\u00bb{}\u00a0\u00bb][et_pb_column type=\u00a0\u00bb4_4&Prime; _builder_version=\u00a0\u00bb4.16&Prime; custom_padding=\u00a0\u00bb|||\u00a0\u00bb global_colors_info=\u00a0\u00bb{}\u00a0\u00bb custom_padding__hover=\u00a0\u00bb|||\u00a0\u00bb][et_pb_divider color=\u00a0\u00bbrgba(0,0,0,0.15)\u00a0\u00bb divider_position=\u00a0\u00bbcenter\u00a0\u00bb disabled_on=\u00a0\u00bbon|on|off\u00a0\u00bb admin_label=\u00a0\u00bbSeparador\u00a0\u00bb _builder_version=\u00a0\u00bb4.16&Prime; height=\u00a0\u00bb50px\u00a0\u00bb custom_margin=\u00a0\u00bb||-1px|||\u00a0\u00bb hide_on_mobile=\u00a0\u00bbon\u00a0\u00bb global_colors_info=\u00a0\u00bb{}\u00a0\u00bb][\/et_pb_divider][et_pb_toggle title=\u00a0\u00bbAmbassadeurs du Panama en France\u00a0\u00bb closed_toggle_text_color=\u00a0\u00bb#093c71&Prime; closed_toggle_background_color=\u00a0\u00bb#ffffff\u00a0\u00bb icon_color=\u00a0\u00bb#093c71&Prime; open_icon_color=\u00a0\u00bb#093c71&Prime; admin_label=\u00a0\u00bbAmbassadeurs de Panama en France\u00a0\u00bb _builder_version=\u00a0\u00bb4.16&Prime; title_text_color=\u00a0\u00bb#093c71&Prime; background_size=\u00a0\u00bbinitial\u00a0\u00bb background_position=\u00a0\u00bbtop_left\u00a0\u00bb background_repeat=\u00a0\u00bbrepeat\u00a0\u00bb custom_padding=\u00a0\u00bb||2px|||\u00a0\u00bb border_width_all=\u00a0\u00bb1px\u00a0\u00bb border_color_all=\u00a0\u00bb#ffffff\u00a0\u00bb border_style_all=\u00a0\u00bbsolid\u00a0\u00bb use_border_color=\u00a0\u00bbon\u00a0\u00bb border_color=\u00a0\u00bb#ffffff\u00a0\u00bb border_style=\u00a0\u00bbsolid\u00a0\u00bb global_colors_info=\u00a0\u00bb{}\u00a0\u00bb]<\/p>\n<ul class=\"ul1\">\n<li class=\"li1\" style=\"text-align: left;\"><span class=\"s2\">Alberto M\u00c9NDEZ PEREIRA 12\/07\/1960<\/span><\/li>\n<li class=\"li1\" style=\"text-align: left;\"><span class=\"s2\">Arturo MORGAN MORALES 16\/06\/1969<\/span><\/li>\n<li class=\"li1\" style=\"text-align: left;\"><span class=\"s2\">Carlos P\u00c9REZ HERRERA 03\/05\/1971<\/span><\/li>\n<li class=\"li1\" style=\"text-align: left;\"><span class=\"s2\">Guillermo VEGA 27\/03\/1972<\/span><\/li>\n<li class=\"li1\" style=\"text-align: left;\"><span class=\"s2\">Gaspar WITTGREEN 15\/05\/1984<\/span><\/li>\n<li class=\"li1\" style=\"text-align: left;\"><span class=\"s2\">Gaspar GARC\u00cdA DE PAREDES 1995\/1996<\/span><\/li>\n<li class=\"li1\" style=\"text-align: left;\"><span class=\"s2\">Ar\u00edstides ROYO 1996\/1999<\/span><\/li>\n<li class=\"li1\" style=\"text-align: left;\"><span class=\"s2\">Alberto BTESH 2000\/2002<\/span><\/li>\n<li class=\"li1\" style=\"text-align: left;\"><span class=\"s2\">Anel BELIZ 2002\/2004<\/span><\/li>\n<li class=\"li1\" style=\"text-align: left;\"><span class=\"s2\">Omar JA\u00c9N SU\u00c1REZ 2005\/2008<\/span><\/li>\n<li class=\"li1\" style=\"text-align: left;\"><span class=\"s2\">Jos\u00e9 Manuel WATSON 2008\/2009<\/span><\/li>\n<li class=\"li1\" style=\"text-align: left;\"><span class=\"s2\">Henry FAARUP 2009\/2014<\/span><\/li>\n<li class=\"li1\" style=\"text-align: left;\"><span class=\"s2\">Pilar AROSEMENA DE ALEM\u00c1N 2015\/2017<\/span><\/li>\n<li class=\"li1\" style=\"text-align: left;\">Jos\u00e9 F\u00c1BREGA 2017\/2019<\/li>\n<li class=\"li1\" style=\"text-align: left;\">Issamary S\u00c1NCHEZ ORTEGA, 2019\/Jun2024<\/li>\n<\/ul>\n<p>[\/et_pb_toggle][et_pb_divider color=\u00a0\u00bbrgba(0,0,0,0.15)\u00a0\u00bb divider_position=\u00a0\u00bbcenter\u00a0\u00bb disabled_on=\u00a0\u00bbon|on|off\u00a0\u00bb admin_label=\u00a0\u00bbSeparador\u00a0\u00bb _builder_version=\u00a0\u00bb4.16&Prime; height=\u00a0\u00bb30px\u00a0\u00bb hide_on_mobile=\u00a0\u00bbon\u00a0\u00bb global_colors_info=\u00a0\u00bb{}\u00a0\u00bb][\/et_pb_divider][\/et_pb_column][\/et_pb_row][\/et_pb_section][et_pb_section fb_built=\u00a0\u00bb1&Prime; _builder_version=\u00a0\u00bb4.16&Prime; global_colors_info=\u00a0\u00bb{}\u00a0\u00bb][et_pb_row _builder_version=\u00a0\u00bb4.16&Prime; global_colors_info=\u00a0\u00bb{}\u00a0\u00bb][et_pb_column type=\u00a0\u00bb4_4&Prime; _builder_version=\u00a0\u00bb4.16&Prime; global_colors_info=\u00a0\u00bb{}\u00a0\u00bb][\/et_pb_column][\/et_pb_row][\/et_pb_section]<\/p>\n","protected":false},"excerpt":{"rendered":"<p>S. S. Edgardo PittiCharg\u00e9 d&rsquo;Affaires de Panama en FranceEdgardo PITTI &nbsp; &nbsp; Alberto M\u00c9NDEZ PEREIRA 12\/07\/1960 Arturo MORGAN MORALES 16\/06\/1969 Carlos P\u00c9REZ HERRERA 03\/05\/1971 Guillermo VEGA 27\/03\/1972 Gaspar WITTGREEN 15\/05\/1984 Gaspar GARC\u00cdA DE PAREDES 1995\/1996 Ar\u00edstides ROYO 1996\/1999 Alberto BTESH 2000\/2002 Anel BELIZ 2002\/2004 Omar JA\u00c9N SU\u00c1REZ 2005\/2008 Jos\u00e9 Manuel WATSON 2008\/2009 Henry FAARUP 2009\/2014 [&hellip;]<\/p>\n","protected":false},"author":4,"featured_media":0,"parent":614,"menu_order":0,"comment_status":"closed","ping_status":"closed","template":"","meta":{"_et_pb_use_builder":"on","_et_pb_old_content":"<div class=\"mceTemp\">\u00a0<\/div>","_et_gb_content_width":"","footnotes":""},"class_list":["post-6884","page","type-page","status-publish","hentry"],"yoast_head":"<!-- This site is optimized with the Yoast SEO plugin v23.6 - https:\/\/yoast.com\/wordpress\/plugins\/seo\/ -->\n<title>Charg\u00e9 d&#039;Affaires - Embajada de Panam\u00e1 en Francia - Ambassade du Panama en France<\/title>\n<meta name=\"robots\" content=\"index, follow, max-snippet:-1, max-image-preview:large, max-video-preview:-1\" \/>\n<link rel=\"canonical\" href=\"https:\/\/embajadadepanamaenfrancia.fr\/fr\/ambassade\/ambassadrice\/\" \/>\n<meta property=\"og:locale\" content=\"fr_FR\" \/>\n<meta property=\"og:type\" content=\"article\" \/>\n<meta property=\"og:title\" content=\"Charg\u00e9 d&#039;Affaires - Embajada de Panam\u00e1 en Francia - Ambassade du Panama en France\" \/>\n<meta property=\"og:description\" content=\"S. S. Edgardo PittiCharg\u00e9 d&#039;Affaires de Panama en FranceEdgardo PITTI &nbsp; &nbsp; Alberto M\u00c9NDEZ PEREIRA 12\/07\/1960 Arturo MORGAN MORALES 16\/06\/1969 Carlos P\u00c9REZ HERRERA 03\/05\/1971 Guillermo VEGA 27\/03\/1972 Gaspar WITTGREEN 15\/05\/1984 Gaspar GARC\u00cdA DE PAREDES 1995\/1996 Ar\u00edstides ROYO 1996\/1999 Alberto BTESH 2000\/2002 Anel BELIZ 2002\/2004 Omar JA\u00c9N SU\u00c1REZ 2005\/2008 Jos\u00e9 Manuel WATSON 2008\/2009 Henry FAARUP 2009\/2014 [&hellip;]\" \/>\n<meta property=\"og:url\" content=\"https:\/\/embajadadepanamaenfrancia.fr\/fr\/ambassade\/ambassadrice\/\" \/>\n<meta property=\"og:site_name\" content=\"Embajada de Panam\u00e1 en Francia - Ambassade du Panama en France\" \/>\n<meta property=\"article:modified_time\" content=\"2025-04-23T11:35:48+00:00\" \/>\n<meta name=\"twitter:card\" content=\"summary_large_image\" \/>\n<meta name=\"twitter:label1\" content=\"Dur\u00e9e de lecture estim\u00e9e\" \/>\n\t<meta name=\"twitter:data1\" content=\"1 minute\" \/>\n<script type=\"application\/ld+json\" class=\"yoast-schema-graph\">{\"@context\":\"https:\/\/schema.org\",\"@graph\":[{\"@type\":\"WebPage\",\"@id\":\"https:\/\/embajadadepanamaenfrancia.fr\/fr\/ambassade\/ambassadrice\/\",\"url\":\"https:\/\/embajadadepanamaenfrancia.fr\/fr\/ambassade\/ambassadrice\/\",\"name\":\"Charg\u00e9 d'Affaires - Embajada de Panam\u00e1 en Francia - Ambassade du Panama en France\",\"isPartOf\":{\"@id\":\"https:\/\/embajadadepanamaenfrancia.fr\/fr\/#website\"},\"datePublished\":\"2016-01-25T13:16:39+00:00\",\"dateModified\":\"2025-04-23T11:35:48+00:00\",\"breadcrumb\":{\"@id\":\"https:\/\/embajadadepanamaenfrancia.fr\/fr\/ambassade\/ambassadrice\/#breadcrumb\"},\"inLanguage\":\"fr-FR\",\"potentialAction\":[{\"@type\":\"ReadAction\",\"target\":[\"https:\/\/embajadadepanamaenfrancia.fr\/fr\/ambassade\/ambassadrice\/\"]}]},{\"@type\":\"BreadcrumbList\",\"@id\":\"https:\/\/embajadadepanamaenfrancia.fr\/fr\/ambassade\/ambassadrice\/#breadcrumb\",\"itemListElement\":[{\"@type\":\"ListItem\",\"position\":1,\"name\":\"Portada\",\"item\":\"https:\/\/embajadadepanamaenfrancia.fr\/fr\/\"},{\"@type\":\"ListItem\",\"position\":2,\"name\":\"Ambassade\",\"item\":\"https:\/\/embajadadepanamaenfrancia.fr\/fr\/embajada\/\"},{\"@type\":\"ListItem\",\"position\":3,\"name\":\"Charg\u00e9 d&#8217;Affaires\"}]},{\"@type\":\"WebSite\",\"@id\":\"https:\/\/embajadadepanamaenfrancia.fr\/fr\/#website\",\"url\":\"https:\/\/embajadadepanamaenfrancia.fr\/fr\/\",\"name\":\"Embajada de Panam\u00e1 en Francia - Ambassade du Panama en France\",\"description\":\"Bienvenido al sitio de la Embajada de Panam\u00e1 en Francia - Bienvenu \u00e0 l&#039;Ambassade du Panama en France\",\"potentialAction\":[{\"@type\":\"SearchAction\",\"target\":{\"@type\":\"EntryPoint\",\"urlTemplate\":\"https:\/\/embajadadepanamaenfrancia.fr\/fr\/?s={search_term_string}\"},\"query-input\":{\"@type\":\"PropertyValueSpecification\",\"valueRequired\":true,\"valueName\":\"search_term_string\"}}],\"inLanguage\":\"fr-FR\"}]}<\/script>\n<!-- \/ Yoast SEO plugin. -->","yoast_head_json":{"title":"Charg\u00e9 d'Affaires - Embajada de Panam\u00e1 en Francia - Ambassade du Panama en France","robots":{"index":"index","follow":"follow","max-snippet":"max-snippet:-1","max-image-preview":"max-image-preview:large","max-video-preview":"max-video-preview:-1"},"canonical":"https:\/\/embajadadepanamaenfrancia.fr\/fr\/ambassade\/ambassadrice\/","og_locale":"fr_FR","og_type":"article","og_title":"Charg\u00e9 d'Affaires - Embajada de Panam\u00e1 en Francia - Ambassade du Panama en France","og_description":"S. S. Edgardo PittiCharg\u00e9 d'Affaires de Panama en FranceEdgardo PITTI &nbsp; &nbsp; Alberto M\u00c9NDEZ PEREIRA 12\/07\/1960 Arturo MORGAN MORALES 16\/06\/1969 Carlos P\u00c9REZ HERRERA 03\/05\/1971 Guillermo VEGA 27\/03\/1972 Gaspar WITTGREEN 15\/05\/1984 Gaspar GARC\u00cdA DE PAREDES 1995\/1996 Ar\u00edstides ROYO 1996\/1999 Alberto BTESH 2000\/2002 Anel BELIZ 2002\/2004 Omar JA\u00c9N SU\u00c1REZ 2005\/2008 Jos\u00e9 Manuel WATSON 2008\/2009 Henry FAARUP 2009\/2014 [&hellip;]","og_url":"https:\/\/embajadadepanamaenfrancia.fr\/fr\/ambassade\/ambassadrice\/","og_site_name":"Embajada de Panam\u00e1 en Francia - Ambassade du Panama en France","article_modified_time":"2025-04-23T11:35:48+00:00","twitter_card":"summary_large_image","twitter_misc":{"Dur\u00e9e de lecture estim\u00e9e":"1 minute"},"schema":{"@context":"https:\/\/schema.org","@graph":[{"@type":"WebPage","@id":"https:\/\/embajadadepanamaenfrancia.fr\/fr\/ambassade\/ambassadrice\/","url":"https:\/\/embajadadepanamaenfrancia.fr\/fr\/ambassade\/ambassadrice\/","name":"Charg\u00e9 d'Affaires - Embajada de Panam\u00e1 en Francia - Ambassade du Panama en France","isPartOf":{"@id":"https:\/\/embajadadepanamaenfrancia.fr\/fr\/#website"},"datePublished":"2016-01-25T13:16:39+00:00","dateModified":"2025-04-23T11:35:48+00:00","breadcrumb":{"@id":"https:\/\/embajadadepanamaenfrancia.fr\/fr\/ambassade\/ambassadrice\/#breadcrumb"},"inLanguage":"fr-FR","potentialAction":[{"@type":"ReadAction","target":["https:\/\/embajadadepanamaenfrancia.fr\/fr\/ambassade\/ambassadrice\/"]}]},{"@type":"BreadcrumbList","@id":"https:\/\/embajadadepanamaenfrancia.fr\/fr\/ambassade\/ambassadrice\/#breadcrumb","itemListElement":[{"@type":"ListItem","position":1,"name":"Portada","item":"https:\/\/embajadadepanamaenfrancia.fr\/fr\/"},{"@type":"ListItem","position":2,"name":"Ambassade","item":"https:\/\/embajadadepanamaenfrancia.fr\/fr\/embajada\/"},{"@type":"ListItem","position":3,"name":"Charg\u00e9 d&#8217;Affaires"}]},{"@type":"WebSite","@id":"https:\/\/embajadadepanamaenfrancia.fr\/fr\/#website","url":"https:\/\/embajadadepanamaenfrancia.fr\/fr\/","name":"Embajada de Panam\u00e1 en Francia - Ambassade du Panama en France","description":"Bienvenido al sitio de la Embajada de Panam\u00e1 en Francia - Bienvenu \u00e0 l&#039;Ambassade du Panama en France","potentialAction":[{"@type":"SearchAction","target":{"@type":"EntryPoint","urlTemplate":"https:\/\/embajadadepanamaenfrancia.fr\/fr\/?s={search_term_string}"},"query-input":{"@type":"PropertyValueSpecification","valueRequired":true,"valueName":"search_term_string"}}],"inLanguage":"fr-FR"}]}},"_links":{"self":[{"href":"https:\/\/embajadadepanamaenfrancia.fr\/fr\/wp-json\/wp\/v2\/pages\/6884"}],"collection":[{"href":"https:\/\/embajadadepanamaenfrancia.fr\/fr\/wp-json\/wp\/v2\/pages"}],"about":[{"href":"https:\/\/embajadadepanamaenfrancia.fr\/fr\/wp-json\/wp\/v2\/types\/page"}],"author":[{"embeddable":true,"href":"https:\/\/embajadadepanamaenfrancia.fr\/fr\/wp-json\/wp\/v2\/users\/4"}],"replies":[{"embeddable":true,"href":"https:\/\/embajadadepanamaenfrancia.fr\/fr\/wp-json\/wp\/v2\/comments?post=6884"}],"version-history":[{"count":30,"href":"https:\/\/embajadadepanamaenfrancia.fr\/fr\/wp-json\/wp\/v2\/pages\/6884\/revisions"}],"predecessor-version":[{"id":19443,"href":"https:\/\/embajadadepanamaenfrancia.fr\/fr\/wp-json\/wp\/v2\/pages\/6884\/revisions\/19443"}],"up":[{"embeddable":true,"href":"https:\/\/embajadadepanamaenfrancia.fr\/fr\/wp-json\/wp\/v2\/pages\/614"}],"wp:attachment":[{"href":"https:\/\/embajadadepanamaenfrancia.fr\/fr\/wp-json\/wp\/v2\/media?parent=6884"}],"curies":[{"name":"wp","href":"https:\/\/api.w.org\/{rel}","templated":true}]}}